{"id":47,"date":"2017-06-15T01:42:32","date_gmt":"2017-06-15T07:42:32","guid":{"rendered":"http:\/\/banderasamigusto.com\/site\/inicio\/"},"modified":"2017-07-12T16:19:19","modified_gmt":"2017-07-12T22:19:19","slug":"inicio","status":"publish","type":"page","link":"http:\/\/banderasamigusto.com\/site\/","title":{"rendered":"Inicio"},"content":{"rendered":"<p>[et_pb_section bb_built=\u00bb1&#8243; admin_label=\u00bbSecci\u00f3n\u00bb fullwidth=\u00bbon\u00bb _builder_version=\u00bb3.0.47&#8243;][et_pb_fullwidth_slider admin_label=\u00bbControl deslizante de anchura completa\u00bb top_padding=\u00bb200px\u00bb bottom_padding=\u00bb200px\u00bb _builder_version=\u00bb3.0.51&#8243; custom_button=\u00bbon\u00bb button_bg_color=\u00bbrgba(0,0,0,0.48)\u00bb custom_css_slide_description=\u00bbtext-shadow: 1px 1px 6px #000000;\u00bb custom_css_slide_title=\u00bbtext-shadow: 2px 2px 6px #000000;\u00bb] [et_pb_slide heading=\u00bbBanderas A Mi Gusto\u00bb button_text=\u00bbCat\u00e1logo de Productos\u00bb button_link=\u00bb\/site\/productos\/\u00bb use_bg_overlay=\u00bboff\u00bb use_text_overlay=\u00bboff\u00bb video_bg_mp4=\u00bbhttp:\/\/banderasamigusto.com\/site\/wp-content\/uploads\/2017\/06\/VideoBG01.mp4&#8243; video_bg_webm=\u00bbhttp:\/\/banderasamigusto.com\/site\/wp-content\/uploads\/2017\/06\/VideoBG01webm.webm\u00bb _builder_version=\u00bb3.0.47&#8243; header_font=\u00bb||||\u00bb body_font=\u00bb||||\u00bb button_icon_placement=\u00bbright\u00bb button_on_hover=\u00bbon\u00bb background_image=\u00bbhttp:\/\/banderasamigusto.com\/site\/wp-content\/uploads\/2017\/07\/bgslider01.jpg\u00bb parallax=\u00bbon\u00bb]Banderas, banderines, banderas de escritorio, bandas y m\u00e1s[\/et_pb_slide] [\/et_pb_fullwidth_slider][\/et_pb_section][et_pb_section bb_built=\u00bb1&#8243; admin_label=\u00bbSecci\u00f3n\u00bb background_color=\u00bb#244b99&#8243; custom_padding=\u00bb0px|0px|0px|0px\u00bb _builder_version=\u00bb3.0.51&#8243; background_blend=\u00bbmultiply\u00bb][et_pb_row admin_label=\u00bbFila\u00bb custom_padding=\u00bb115px|0px|92px|0px\u00bb custom_margin=\u00bb|||\u00bb background_position_1=\u00bbtop_left\u00bb background_repeat_1=\u00bbno-repeat\u00bb _builder_version=\u00bb3.0.51&#8243;][et_pb_column type=\u00bb4_4&#8243;][et_pb_cta admin_label=\u00bbLlamada a la acci\u00f3n\u00bb title=\u00bbSobre Nosotros\u00bb button_url=\u00bb\/site\/nosotros\/\u00bb button_text=\u00bbM\u00e1s informaci\u00f3n\u00bb use_background_color=\u00bboff\u00bb _builder_version=\u00bb3.0.51&#8243; header_font_size=\u00bb38px\u00bb header_line_height=\u00bb1.2em\u00bb body_font_size=\u00bb16px\u00bb body_line_height=\u00bb2em\u00bb] M\u00e1s de 15 a\u00f1os de experiencia profesional en la elaboraci\u00f3n de distintivos institucionales, la producci\u00f3n de banderas como su mas importante actividad de fabricaci\u00f3n y siendo el principal proveedor en nuestra categor\u00eda para de la empresa privada, Gobierno central, \u00e1rea estudiantil y organizaciones no gubernamentales; nos ha convertido en una compa\u00f1\u00eda de gran trayectoria profesional y de alta calidad en nuestros productos que no dudamos continuaremos en este camino de crecimiento empresarial gracias a nuestros clientes y la confianza que depositan en nosotros. [\/et_pb_cta][\/et_pb_column][\/et_pb_row][\/et_pb_section][et_pb_section bb_built=\u00bb1&#8243; admin_label=\u00bbSecci\u00f3n\u00bb background_color=\u00bb#777777&#8243; inner_shadow=\u00bbon\u00bb _builder_version=\u00bb3.0.51&#8243; background_image=\u00bbhttp:\/\/banderasamigusto.com\/site\/wp-content\/uploads\/2017\/06\/fondo-banderas-black.jpg\u00bb parallax=\u00bbon\u00bb][et_pb_row admin_label=\u00bbrow\u00bb _builder_version=\u00bb3.0.51&#8243;][et_pb_column type=\u00bb4_4&#8243;][et_pb_text admin_label=\u00bbTexto\u00bb background_layout=\u00bbdark\u00bb text_orientation=\u00bbcenter\u00bb _builder_version=\u00bb3.0.51&#8243;]<\/p>\n<h1>Nuetros Productos<\/h1>\n<p>[\/et_pb_text][\/et_pb_column][\/et_pb_row][et_pb_row admin_label=\u00bbFila\u00bb background_position_1=\u00bbtop_left\u00bb background_position_2=\u00bbtop_left\u00bb background_position_3=\u00bbtop_left\u00bb background_position_4=\u00bbtop_left\u00bb background_repeat_1=\u00bbno-repeat\u00bb background_repeat_2=\u00bbno-repeat\u00bb background_repeat_3=\u00bbno-repeat\u00bb background_repeat_4=\u00bbno-repeat\u00bb _builder_version=\u00bb3.0.51&#8243; background_size=\u00bbinitial\u00bb background_position=\u00bbtop_left\u00bb background_repeat=\u00bbrepeat\u00bb global_module=\u00bb116&#8243;][et_pb_column type=\u00bb1_4&#8243;][et_pb_blurb admin_label=\u00bbB Interiores\u00bb global_parent=\u00bb116&#8243; title=\u00bbBanderas para Interiores\u00bb url=\u00bb\/site\/productos\/banderas-para-interiores\/\u00bb image=\u00bbhttp:\/\/banderasamigusto.com\/site\/wp-content\/uploads\/2017\/06\/banderas-interiores.png\u00bb background_layout=\u00bbdark\u00bb text_orientation=\u00bbcenter\u00bb max_width=\u00bb100px\u00bb _builder_version=\u00bb3.0.51&#8243;]<\/p>\n<p>Lorem ipsum dolor sit amet<\/p>\n<p>[\/et_pb_blurb][et_pb_blurb admin_label=\u00bbBandas\u00bb global_parent=\u00bb116&#8243; title=\u00bbBandas\u00bb url=\u00bb\/site\/productos\/bandas\/\u00bb image=\u00bbhttp:\/\/banderasamigusto.com\/site\/wp-content\/uploads\/2017\/07\/bandas2.png\u00bb background_layout=\u00bbdark\u00bb text_orientation=\u00bbcenter\u00bb max_width=\u00bb100px\u00bb _builder_version=\u00bb3.0.51&#8243;]<\/p>\n<p>Lorem ipsum dolor sit amet<\/p>\n<p>[\/et_pb_blurb][\/et_pb_column][et_pb_column type=\u00bb1_4&#8243;][et_pb_blurb admin_label=\u00bbB Exteriores\u00bb global_parent=\u00bb116&#8243; title=\u00bbBanderas para Exteriores\u00bb url=\u00bb\/site\/productos\/banderas-para-exteriores\/\u00bb image=\u00bbhttp:\/\/banderasamigusto.com\/site\/wp-content\/uploads\/2017\/06\/banderas-exteriores.png\u00bb background_layout=\u00bbdark\u00bb text_orientation=\u00bbcenter\u00bb max_width=\u00bb100px\u00bb _builder_version=\u00bb3.0.51&#8243;]<\/p>\n<p>Lorem ipsum dolor sit amet<\/p>\n<p>[\/et_pb_blurb][et_pb_blurb admin_label=\u00bbBanners\u00bb global_parent=\u00bb116&#8243; title=\u00bbBanners Full Color\u00bb url=\u00bb\/site\/productos\/banners-full-color\/\u00bb image=\u00bbhttp:\/\/banderasamigusto.com\/site\/wp-content\/uploads\/2017\/06\/banners.png\u00bb background_layout=\u00bbdark\u00bb text_orientation=\u00bbcenter\u00bb max_width=\u00bb100px\u00bb _builder_version=\u00bb3.0.51&#8243;]<\/p>\n<p>Lorem ipsum dolor sit amet<\/p>\n<p>[\/et_pb_blurb][\/et_pb_column][et_pb_column type=\u00bb1_4&#8243;][et_pb_blurb admin_label=\u00bbB Escritorio\u00bb global_parent=\u00bb116&#8243; title=\u00bbBanderas de Escritorio\u00bb url=\u00bb\/site\/productos\/banderas-de-escritorio\/\u00bb image=\u00bbhttp:\/\/banderasamigusto.com\/site\/wp-content\/uploads\/2017\/06\/banderas-de-escritorio.png\u00bb background_layout=\u00bbdark\u00bb text_orientation=\u00bbcenter\u00bb max_width=\u00bb100px\u00bb _builder_version=\u00bb3.0.51&#8243;]<\/p>\n<p>Lorem ipsum dolor sit amet<\/p>\n<p>[\/et_pb_blurb][et_pb_blurb admin_label=\u00bbImpresi\u00f3n\u00bb global_parent=\u00bb116&#8243; title=\u00bbImpresi\u00f3n Digital\u00bb url=\u00bb\/site\/productos\/impresiones-digitales\/\u00bb image=\u00bbhttp:\/\/banderasamigusto.com\/site\/wp-content\/uploads\/2017\/06\/impresion-digital.png\u00bb background_layout=\u00bbdark\u00bb text_orientation=\u00bbcenter\u00bb max_width=\u00bb100px\u00bb _builder_version=\u00bb3.0.51&#8243;]<\/p>\n<p>Lorem ipsum dolor sit amet<\/p>\n<p>[\/et_pb_blurb][\/et_pb_column][et_pb_column type=\u00bb1_4&#8243;][et_pb_blurb admin_label=\u00bbBanderines\u00bb global_parent=\u00bb116&#8243; title=\u00bbBanderines\u00bb url=\u00bb\/site\/productos\/banderines\/\u00bb image=\u00bbhttp:\/\/banderasamigusto.com\/site\/wp-content\/uploads\/2017\/06\/banderines.png\u00bb background_layout=\u00bbdark\u00bb text_orientation=\u00bbcenter\u00bb max_width=\u00bb100px\u00bb _builder_version=\u00bb3.0.51&#8243;]<\/p>\n<p>Lorem ipsum dolor sit amet<\/p>\n<p>[\/et_pb_blurb][et_pb_blurb admin_label=\u00bbBordados\u00bb global_parent=\u00bb116&#8243; title=\u00bbBordados\u00bb url=\u00bb\/site\/productos\/bordados\/\u00bb image=\u00bbhttp:\/\/banderasamigusto.com\/site\/wp-content\/uploads\/2017\/07\/bordados-el-salvador-2.png\u00bb background_layout=\u00bbdark\u00bb text_orientation=\u00bbcenter\u00bb max_width=\u00bb100px\u00bb _builder_version=\u00bb3.0.51&#8243;]<\/p>\n<p>Lorem ipsum dolor sit amet<\/p>\n<p>[\/et_pb_blurb][\/et_pb_column][\/et_pb_row][\/et_pb_section][et_pb_section bb_built=\u00bb1&#8243; admin_label=\u00bbSecci\u00f3n\u00bb _builder_version=\u00bb3.0.47&#8243;][et_pb_row admin_label=\u00bbFila\u00bb _builder_version=\u00bb3.0.51&#8243;][et_pb_column type=\u00bb4_4&#8243;][et_pb_text admin_label=\u00bbTexto\u00bb text_orientation=\u00bbcenter\u00bb _builder_version=\u00bb3.0.51&#8243;]<\/p>\n<h1>Nuestros clientes opinan&#8230;<\/h1>\n<p>[\/et_pb_text][\/et_pb_column][\/et_pb_row][et_pb_row admin_label=\u00bbFila\u00bb _builder_version=\u00bb3.0.47&#8243; background_size=\u00bbinitial\u00bb background_position=\u00bbtop_left\u00bb background_repeat=\u00bbrepeat\u00bb][et_pb_column type=\u00bb1_2&#8243;][et_pb_testimonial admin_label=\u00bbRecomendaci\u00f3n\u00bb author=\u00bbMargarete de Cabrales\u00bb job_title=\u00bbDirectora Parvularia\u00bb company_name=\u00bbColegio Augusto Walte\u00bb background_layout=\u00bblight\u00bb _builder_version=\u00bb3.0.51&#8243;]<\/p>\n<p>En el Colegio Augusto Walte tenemos muchos a\u00f1os de trabajar con los esposos Alvarenga de la empresa \u00abBanderas A mi gusto\u00bb. Nos han elaborado en muchas ocasiones bandas para elecci\u00f3n de princesa, reina, etc. o Bachiller Integral, Mejor Bachiller etc. Siempre han sido muy responsables, muy puntuales en la entrega de los productos y la atenci\u00f3n hacia nosotros ha sido excelente. Espero que nos puedan ofrecer muchos a\u00f1os m\u00e1s sus servicios y les deseo mucho \u00e9xito<\/p>\n<p>[\/et_pb_testimonial][\/et_pb_column][et_pb_column type=\u00bb1_2&#8243;][et_pb_testimonial admin_label=\u00bbRecomendaci\u00f3n\u00bb author=\u00bbSalom\u00f3n Rivas\u00bb job_title=\u00bbGerente de Compras\u00bb company_name=\u00bbSheraton Presidente\u00bb background_layout=\u00bblight\u00bb _builder_version=\u00bb3.0.51&#8243;]<\/p>\n<p>Nos agrada mucho trabajar con Banderas A Mi Gusto, ya que el servicio que nos brindan le da el verdadero significado a trabajar con calidad, rapidez, compromiso. Banderas A Mi Gusto, es uno de los proveedores de primera l\u00ednea que manejamos ya que convierten nuestra necesidad en su compromiso con seriedad<\/p>\n<p>[\/et_pb_testimonial][\/et_pb_column][\/et_pb_row][\/et_pb_section][et_pb_section bb_built=\u00bb1&#8243; admin_label=\u00bbSecci\u00f3n\u00bb custom_padding=\u00bb0px|0px|0px|0px\u00bb _builder_version=\u00bb3.0.51&#8243; global_module=\u00bb108&#8243;][et_pb_row admin_label=\u00bbFila\u00bb global_parent=\u00bb108&#8243; make_fullwidth=\u00bbon\u00bb use_custom_gutter=\u00bbon\u00bb gutter_width=\u00bb1&#8243; custom_padding=\u00bb0px|0px|0px|0px\u00bb background_color=\u00bb#003b68&#8243; padding_top_1=\u00bb70px\u00bb padding_right_1=\u00bb60px\u00bb padding_bottom_1=\u00bb60px\u00bb padding_left_1=\u00bb60px\u00bb _builder_version=\u00bb3.0.51&#8243; background_size=\u00bbinitial\u00bb background_position=\u00bbtop_left\u00bb background_repeat=\u00bbrepeat\u00bb][et_pb_column type=\u00bb1_2&#8243;][et_pb_text admin_label=\u00bbTexto\u00bb global_parent=\u00bb108&#8243; background_layout=\u00bbdark\u00bb _builder_version=\u00bb3.0.51&#8243; custom_padding=\u00bb||50px|\u00bb text_orientation=\u00bbleft\u00bb border_style=\u00bbsolid\u00bb]<\/p>\n<h1>Cont\u00e1ctenos<\/h1>\n<p>Avenida Manuel Gallardo # 3-3<br \/>\nSanta Tecla, La Libertad. El Salvador, Centroam\u00e9rica<\/p>\n<p>Telefax +503\u00a02228 0474<br \/>\nTel\u00e9fono +503\u00a02229 7475<br \/>\nE-mail:\u00a0<span style=\"color: #ffffff;\"><a href=\"mailto:info@banderasamigusto.com\">info@banderasamigusto.com<\/a><\/span><\/p>\n<p>[\/et_pb_text][et_pb_contact_form admin_label=\u00bbFormulario de contacto\u00bb global_parent=\u00bb108&#8243; form_background_color=\u00bb#003b68&#8243; module_id=\u00bbet_pb_contact_form_0&#8243; _builder_version=\u00bb3.0.51&#8243; title_text_color=\u00bb#ffffff\u00bb form_field_text_color=\u00bb#ffffff\u00bb use_border_color=\u00bbon\u00bb custom_button=\u00bbon\u00bb button_text_color=\u00bb#ffffff\u00bb custom_css_captcha_label=\u00bbcolor: #FFF;\u00bb] [et_pb_contact_field field_id=\u00bbName\u00bb field_title=\u00bbNombre*\u00bb _builder_version=\u00bb3.0.47&#8243;][\/et_pb_contact_field][et_pb_contact_field field_id=\u00bbTelefono\u00bb field_title=\u00bbTel\u00e9fono*\u00bb _builder_version=\u00bb3.0.51&#8243;][\/et_pb_contact_field][et_pb_contact_field field_id=\u00bbEmail\u00bb field_title=\u00bbDirecci\u00f3n de correo electr\u00f3nico*\u00bb field_type=\u00bbemail\u00bb _builder_version=\u00bb3.0.47&#8243; fullwidth_field=\u00bbon\u00bb][\/et_pb_contact_field][et_pb_contact_field field_id=\u00bbMessage\u00bb field_title=\u00bbMensaje*\u00bb field_type=\u00bbtext\u00bb fullwidth_field=\u00bbon\u00bb _builder_version=\u00bb3.0.47&#8243;][\/et_pb_contact_field] [\/et_pb_contact_form][\/et_pb_column][et_pb_column type=\u00bb1_2&#8243;][et_pb_map admin_label=\u00bbMapa\u00bb global_parent=\u00bb108&#8243; address=\u00bbSanta Tecla, El Salvador\u00bb zoom_level=\u00bb17&#8243; address_lat=\u00bb13.676919985663101&#8243; address_lng=\u00bb-89.28750992300111&#8243; mouse_wheel=\u00bboff\u00bb module_id=\u00bbmapapie1&#8243; _builder_version=\u00bb3.0.51&#8243;] [et_pb_map_pin title=\u00bbBanderas A Mi Gusto\u00bb pin_address=\u00bbAvenida Dr. Manuel Gallardo, Santa Tecla, El Salvador\u00bb pin_address_lat=\u00bb13.676742767159134&#8243; pin_address_lng=\u00bb-89.28804636480407&#8243; _builder_version=\u00bb3.0.47&#8243;]<\/p>\n<p>Avenida Manuel Gallardo # 3-3<br \/>\nSanta Tecla, La Libertad. El Salvador, Centroam\u00e9rica<br \/>\nTel.\u00a0(503) 2228-0474<br \/>\nFax. (503) 2229-7475<br \/>\nE-mail: info@banderasamigusto.com<\/p>\n<p>[\/et_pb_map_pin] [\/et_pb_map][\/et_pb_column][\/et_pb_row][\/et_pb_section]<\/p>\n","protected":false},"excerpt":{"rendered":"<p>Banderas A Mi GustoBanderas, banderines, banderas de escritorio, bandas y m\u00e1s Cat\u00e1logo de Productos Sobre Nosotros M\u00e1s de 15 a\u00f1os de experiencia profesional en la elaboraci\u00f3n de distintivos institucionales, la producci\u00f3n de banderas como su mas importante actividad de fabricaci\u00f3n y siendo el principal proveedor en nuestra categor\u00eda para de la empresa privada, Gobierno central, [&hellip;]<\/p>\n","protected":false},"author":1,"featured_media":0,"parent":0,"menu_order":1,"comment_status":"closed","ping_status":"closed","template":"","meta":{"_et_pb_use_builder":"on","_et_pb_old_content":"","_et_gb_content_width":"","footnotes":""},"_links":{"self":[{"href":"http:\/\/banderasamigusto.com\/site\/wp-json\/wp\/v2\/pages\/47"}],"collection":[{"href":"http:\/\/banderasamigusto.com\/site\/wp-json\/wp\/v2\/pages"}],"about":[{"href":"http:\/\/banderasamigusto.com\/site\/wp-json\/wp\/v2\/types\/page"}],"author":[{"embeddable":true,"href":"http:\/\/banderasamigusto.com\/site\/wp-json\/wp\/v2\/users\/1"}],"replies":[{"embeddable":true,"href":"http:\/\/banderasamigusto.com\/site\/wp-json\/wp\/v2\/comments?post=47"}],"version-history":[{"count":25,"href":"http:\/\/banderasamigusto.com\/site\/wp-json\/wp\/v2\/pages\/47\/revisions"}],"predecessor-version":[{"id":341,"href":"http:\/\/banderasamigusto.com\/site\/wp-json\/wp\/v2\/pages\/47\/revisions\/341"}],"wp:attachment":[{"href":"http:\/\/banderasamigusto.com\/site\/wp-json\/wp\/v2\/media?parent=47"}],"curies":[{"name":"wp","href":"https:\/\/api.w.org\/{rel}","templated":true}]}}